{"id":1233,"date":"2023-11-27T13:20:12","date_gmt":"2023-11-27T12:20:12","guid":{"rendered":"https:\/\/www.chorakademievorarlberg.at\/?page_id=1233"},"modified":"2024-01-22T20:53:05","modified_gmt":"2024-01-22T19:53:05","slug":"2024-programm","status":"publish","type":"page","link":"https:\/\/www.chorakademievorarlberg.at\/?page_id=1233","title":{"rendered":"2024 &#8211; Programm"},"content":{"rendered":"\n<h2 class=\"wp-block-heading\">Anton Bruckner: Messe Nr. 2 in e-Moll<br>John Rutter: Gloria<\/h2>\n\n\n\n<p>Chorakademie Vorarlberg<br>Sinfonietta Vorarlberg<br>Leitung: Markus Landerer<\/p>\n\n\n\n<h2 class=\"wp-block-heading\">Auff\u00fchrungen<\/h2>\n\n\n\n<p>Samstag, 27. J\u00e4nner 2024, 19.30 Uhr<br>Sonntag, 28. J\u00e4nner 2024, 11.00 Uhr<\/p>\n\n\n\n<p>Kapelle der Stella Vorarlberg<br>Privathochschule f\u00fcr Musik, Feldkirch.<\/p>\n\n\n\n<h2 class=\"wp-block-heading\">Kartenvorverkauf<\/h2>\n\n\n\n<p><strong>Die Konzerte sind restlos ausverkauft. Bedauerlicherweise stehen an der Abendkasse keine Restkarten mehr zur Verf\u00fcgung.<\/strong><\/p>\n\n\n\n<div style=\"height:31px\" aria-hidden=\"true\" class=\"wp-block-spacer\"><\/div>\n\n\n\n<h2 class=\"wp-block-heading\">\u00dcber unser Projekt<\/h2>\n\n\n\n<p>Markus Landerer, Domkapellmeister zu St. Stephan in Wien, 90 S\u00e4ngerinnen und S\u00e4nger der Chorakademie Vorarlberg und die Sinfonietta Vorarlberg laden Sie herzlich zu diesem au\u00dfergew\u00f6hnlichen Konzert ein. Wir feiern Bruckners 200. Geburtstag mit einem seiner eindrucksvollsten Bekenntniswerke der Musikgeschichte. In seiner Messe Nr. 2 in e-moll f\u00fcr achtstimmigen Chor beweist der Komponist seine au\u00dfergew\u00f6hnliche k\u00fcnstlerische Souver\u00e4nit\u00e4t. Ein gro\u00dfer Chor und ein Bl\u00e4serensemble stehen im Mittelpunkt und machen die Musik zu einem Klangerlebnis der ganz besonderen Art.<\/p>\n\n\n\n<p>Die Herrlichkeit Gottes in grandioser Klangf\u00fclle h\u00f6rbar und sp\u00fcrbar gemacht &#8211; das ist John Rutters Gloria. Ein Feuerwerk an rhythmischer Brillanz im Wechselspiel von ruhigem Bl\u00e4sersatz, voller Lautst\u00e4rke, A-capella-Teilen und wuchtigem Fortissimo. John Rutter, 1945 in London geboren, z\u00e4hlt mit seinen Werken, die durch vielschichtige Harmonik und lebhafter Rhythmik gekennzeichnet sind, zu den ganz gro\u00dfen Komponisten unserer Zeit.<\/p>\n\n\n\n<div class=\"wp-block-file\"><a href=\"http:\/\/www.chorakademievorarlberg.at\/wp-content\/uploads\/2023\/11\/Flyer-Bruckner_Rutter.pdf\" class=\"wp-block-file__button wp-element-button\" download>flyer Herunterladen<\/a><\/div>\n","protected":false},"excerpt":{"rendered":"<p>Anton Bruckner: Messe Nr. 2 in e-MollJohn Rutter: Gloria Chorakademie VorarlbergSinfonietta VorarlbergLeitung: Markus Landerer Auff\u00fchrungen Samstag, 27. J\u00e4nner 2024, 19.30 UhrSonntag, 28. J\u00e4nner 2024, 11.00 Uhr Kapelle der Stella VorarlbergPrivathochschule f\u00fcr Musik, Feldkirch. Kartenvorverkauf Die Konzerte sind restlos ausverkauft. Bedauerlicherweise stehen an der Abendkasse keine Restkarten mehr zur Verf\u00fcgung. \u00dcber unser Projekt Markus Landerer, Domkapellmeister &hellip; <a href=\"https:\/\/www.chorakademievorarlberg.at\/?page_id=1233\" class=\"more-link\"><span class=\"screen-reader-text\">2024 &#8211; Programm<\/span> weiterlesen <span class=\"meta-nav\">&rarr;<\/span><\/a><\/p>\n","protected":false},"author":3,"featured_media":1236,"parent":0,"menu_order":0,"comment_status":"closed","ping_status":"closed","template":"","meta":{"_vp_format_video_url":"","_vp_image_focal_point":[]},"_links":{"self":[{"href":"https:\/\/www.chorakademievorarlberg.at\/index.php?rest_route=\/wp\/v2\/pages\/1233"}],"collection":[{"href":"https:\/\/www.chorakademievorarlberg.at\/index.php?rest_route=\/wp\/v2\/pages"}],"about":[{"href":"https:\/\/www.chorakademievorarlberg.at\/index.php?rest_route=\/wp\/v2\/types\/page"}],"author":[{"embeddable":true,"href":"https:\/\/www.chorakademievorarlberg.at\/index.php?rest_route=\/wp\/v2\/users\/3"}],"replies":[{"embeddable":true,"href":"https:\/\/www.chorakademievorarlberg.at\/index.php?rest_route=%2Fwp%2Fv2%2Fcomments&post=1233"}],"version-history":[{"count":12,"href":"https:\/\/www.chorakademievorarlberg.at\/index.php?rest_route=\/wp\/v2\/pages\/1233\/revisions"}],"predecessor-version":[{"id":1276,"href":"https:\/\/www.chorakademievorarlberg.at\/index.php?rest_route=\/wp\/v2\/pages\/1233\/revisions\/1276"}],"wp:featuredmedia":[{"embeddable":true,"href":"https:\/\/www.chorakademievorarlberg.at\/index.php?rest_route=\/wp\/v2\/media\/1236"}],"wp:attachment":[{"href":"https:\/\/www.chorakademievorarlberg.at\/index.php?rest_route=%2Fwp%2Fv2%2Fmedia&parent=1233"}],"curies":[{"name":"wp","href":"https:\/\/api.w.org\/{rel}","templated":true}]}}